{"id":7369,"date":"2025-10-17T13:03:25","date_gmt":"2025-10-17T13:03:25","guid":{"rendered":"https:\/\/fjarno.org\/patronat\/"},"modified":"2025-10-29T14:34:57","modified_gmt":"2025-10-29T14:34:57","slug":"patronat","status":"publish","type":"page","link":"https:\/\/fjarno.org\/ca\/patronat\/","title":{"rendered":"Patronat"},"content":{"rendered":"\n<div class=\"wp-block-media-text is-stacked-on-mobile\"><figure class=\"wp-block-media-text__media\"><img loading=\"lazy\" decoding=\"async\" width=\"600\" height=\"400\" src=\"https:\/\/fjarno.org\/wp-content\/uploads\/2025\/10\/Jaume-Arno-Ferrer.jpg\" alt=\"\" class=\"wp-image-6240 size-full\" srcset=\"https:\/\/fjarno.org\/wp-content\/uploads\/2025\/10\/Jaume-Arno-Ferrer.jpg 600w, https:\/\/fjarno.org\/wp-content\/uploads\/2025\/10\/Jaume-Arno-Ferrer-300x200.jpg 300w\" sizes=\"auto, (max-width: 600px) 100vw, 600px\" \/><\/figure><div class=\"wp-block-media-text__content\">\n<h6 class=\"wp-block-heading has-text-color has-link-color wp-elements-de6a1e91794c6f3e9de9cc49efe35cc4\" style=\"color:#5ec5c5\">President Fundador<\/h6>\n\n\n\n<h3 class=\"wp-block-heading\">Jaume Arn\u00f3 Ferrer (Alfarr\u00e0s, Lleida)<\/h3>\n\n\n\n<p style=\"font-size:14px\">Estudis d&#8217;Arquitectura Superior a l&#8217;ETSAV, Universitat Polit\u00e8cnica de Catalunya. Tota la seva traject\u00f2ria professional ha transcorregut a l&#8217;empresa familiar Benito Arn\u00f3 e Hijos, S.A. de la qual \u00e9s accionista i membre del Consell d&#8217;Administraci\u00f3. Pacient renal des de 2001, trasplantat el 2006. Durant aquest per\u00edode es comen\u00e7a a gestar la idea de la Fundaci\u00f3.   <\/p>\n<\/div><\/div>\n\n<div class=\"wp-block-media-text is-stacked-on-mobile\"><figure class=\"wp-block-media-text__media\"><img loading=\"lazy\" decoding=\"async\" width=\"1000\" height=\"1000\" src=\"https:\/\/fjarno.org\/wp-content\/uploads\/2025\/10\/Nuria-Arno-Presidenta-Executiva-1000x1000-1.jpg\" alt=\"\" class=\"wp-image-6241 size-full\" srcset=\"https:\/\/fjarno.org\/wp-content\/uploads\/2025\/10\/Nuria-Arno-Presidenta-Executiva-1000x1000-1.jpg 1000w, https:\/\/fjarno.org\/wp-content\/uploads\/2025\/10\/Nuria-Arno-Presidenta-Executiva-1000x1000-1-300x300.jpg 300w, https:\/\/fjarno.org\/wp-content\/uploads\/2025\/10\/Nuria-Arno-Presidenta-Executiva-1000x1000-1-100x100.jpg 100w, https:\/\/fjarno.org\/wp-content\/uploads\/2025\/10\/Nuria-Arno-Presidenta-Executiva-1000x1000-1-600x600.jpg 600w, https:\/\/fjarno.org\/wp-content\/uploads\/2025\/10\/Nuria-Arno-Presidenta-Executiva-1000x1000-1-150x150.jpg 150w, https:\/\/fjarno.org\/wp-content\/uploads\/2025\/10\/Nuria-Arno-Presidenta-Executiva-1000x1000-1-768x768.jpg 768w\" sizes=\"auto, (max-width: 1000px) 100vw, 1000px\" \/><\/figure><div class=\"wp-block-media-text__content\">\n<h6 class=\"wp-block-heading has-text-color has-link-color wp-elements-0bcd6549513af9142d76f49449d28873\" style=\"color:#5ec5c5\">Presidenta Executiva<\/h6>\n\n\n\n<h3 class=\"wp-block-heading\">N\u00faria Arn\u00f3 Cornet<\/h3>\n\n\n\n<p style=\"font-size:14px\">Llicenciada en Administraci\u00f3 d&#8217;Empreses (ESADE Business School, Universitat Ramon Llull, Barcelona); M\u00e0ster en Gesti\u00f3 d&#8217;Infraestructures (Universitat Polit\u00e8cnica de Catalunya) i Curs Proc\u00e9s d&#8217;integraci\u00f3 europea i el seu impacte en individus, empreses i regions (The London School of Economics and Political Science).<\/p>\n<\/div><\/div>\n\n<div class=\"wp-block-media-text is-stacked-on-mobile\"><figure class=\"wp-block-media-text__media\"><img loading=\"lazy\" decoding=\"async\" width=\"600\" height=\"400\" src=\"https:\/\/fjarno.org\/wp-content\/uploads\/2025\/10\/Ignacio-Gracia-Camacho.jpg\" alt=\"\" class=\"wp-image-6242 size-full\" srcset=\"https:\/\/fjarno.org\/wp-content\/uploads\/2025\/10\/Ignacio-Gracia-Camacho.jpg 600w, https:\/\/fjarno.org\/wp-content\/uploads\/2025\/10\/Ignacio-Gracia-Camacho-300x200.jpg 300w\" sizes=\"auto, (max-width: 600px) 100vw, 600px\" \/><\/figure><div class=\"wp-block-media-text__content\">\n<h6 class=\"wp-block-heading has-text-color has-link-color wp-elements-404b30227452c6859e24aa17d15785de\" style=\"color:#5ec5c5\">Vicepresident Primer<\/h6>\n\n\n\n<h3 class=\"wp-block-heading\">Ignacio Gracia (Saragossa)<\/h3>\n\n\n\n<p style=\"font-size:14px\">Estudis de medicina a la Facultat de medicina de Saragossa. Professional de l&#8217;herbodiet\u00e8tica. Pacient renal de naixement, inicia di\u00e0lisi el 1983. Dues vegades trasplantat, 1988 i 2007. Expert professional en administraci\u00f3 i gesti\u00f3 de fundacions, disposa d&#8217;una dilatada experi\u00e8ncia en el servei socioassistencial al col\u00b7lectiu de pacients renals i les seves fam\u00edlies.    <\/p>\n<\/div><\/div>\n\n<div class=\"wp-block-media-text is-stacked-on-mobile\"><figure class=\"wp-block-media-text__media\"><img loading=\"lazy\" decoding=\"async\" width=\"600\" height=\"402\" src=\"https:\/\/fjarno.org\/wp-content\/uploads\/2025\/10\/elvira_fernandez_ok.jpg\" alt=\"\" class=\"wp-image-6244 size-full\" srcset=\"https:\/\/fjarno.org\/wp-content\/uploads\/2025\/10\/elvira_fernandez_ok.jpg 600w, https:\/\/fjarno.org\/wp-content\/uploads\/2025\/10\/elvira_fernandez_ok-300x201.jpg 300w\" sizes=\"auto, (max-width: 600px) 100vw, 600px\" \/><\/figure><div class=\"wp-block-media-text__content\">\n<h6 class=\"wp-block-heading has-text-color has-link-color wp-elements-2c4b938ed1ef4b85f3c5aca308a5cda0\" style=\"color:#5ec5c5\">Vicepresidenta Segona<\/h6>\n\n\n\n<h3 class=\"wp-block-heading\">Elvira Fern\u00e1ndez Gir\u00e1ldez (Cadis)<\/h3>\n\n\n\n<p style=\"font-size:14px\">Dra. en Nefrologia, cap del Servei de nefrologia de l&#8217;Hospital Universitari Arnau de Vilanova de Lleida 1997-2015, catedr\u00e0tica de Medicina de la Facultat de Medicina de la Universitat de Lleida \u00e9s des de gener de 2016, directora cient\u00edfica de l&#8217;Institut de Recerca Biom\u00e8dica de Lleida, Fundaci\u00f3 Dr. Pifarr\u00e9. Membre de la Junta Directiva de la Societat Espanyola de Nefrologia, directora de tesis, autora d&#8217;articles i coautora de cap\u00edtols, ha aconseguit m\u00e9s de 20 projectes finan\u00e7ats per entitats p\u00fabliques. Ha creat un grup d&#8217;investigaci\u00f3 b\u00e0sica i cl\u00ednica en patologia vascular a Lleida.  <\/p>\n<\/div><\/div>\n\n<div class=\"wp-block-media-text is-stacked-on-mobile\"><figure class=\"wp-block-media-text__media\"><img loading=\"lazy\" decoding=\"async\" width=\"600\" height=\"402\" src=\"https:\/\/fjarno.org\/wp-content\/uploads\/2025\/10\/oie_gfnzpij6WkpR.jpg\" alt=\"\" class=\"wp-image-6245 size-full\" srcset=\"https:\/\/fjarno.org\/wp-content\/uploads\/2025\/10\/oie_gfnzpij6WkpR.jpg 600w, https:\/\/fjarno.org\/wp-content\/uploads\/2025\/10\/oie_gfnzpij6WkpR-300x201.jpg 300w\" sizes=\"auto, (max-width: 600px) 100vw, 600px\" \/><\/figure><div class=\"wp-block-media-text__content\">\n<h6 class=\"wp-block-heading has-text-color has-link-color wp-elements-0cb53fcff01b272ffe35403af0d89753\" style=\"color:#5ec5c5\">Secretari<\/h6>\n\n\n\n<h3 class=\"wp-block-heading\">Jordi Costa Llor (Verd\u00fa, Lleida)<\/h3>\n\n\n\n<p style=\"font-size:14px\">Advocat. Llicenciat en Dret per la Facultat de Barcelona. Estudis de Dret Civil. M\u00e0ster en Dret Immobiliari i de la Construcci\u00f3. Preparaci\u00f3 a oposicions de notaria durant sis anys. En l&#8217;actualitat \u00e9s el secretari del Consell d&#8217;Administraci\u00f3 de l&#8217;empresa Benito Arn\u00f3 e Hijos, SA i del grup d&#8217;empreses vinculades, i responsable de l&#8217;assessoria jur\u00eddica d&#8217;aquesta.     <\/p>\n<\/div><\/div>\n","protected":false},"excerpt":{"rendered":"<p>President Fundador Jaume Arn\u00f3 Ferrer (Alfarr\u00e0s, Lleida) Estudis d&#8217;Arquitectura Superior a l&#8217;ETSAV, Universitat Polit\u00e8cnica de Catalunya. Tota la seva traject\u00f2ria professional ha transcorregut a l&#8217;empresa familiar Benito Arn\u00f3 e Hijos, S.A. de la qual \u00e9s accionista i membre del Consell d&#8217;Administraci\u00f3. Pacient renal des de 2001, trasplantat el 2006. Durant aquest per\u00edode es comen\u00e7a a [&hellip;]<\/p>\n","protected":false},"author":1,"featured_media":0,"parent":0,"menu_order":0,"comment_status":"closed","ping_status":"closed","template":"","meta":{"footnotes":""},"class_list":["post-7369","page","type-page","status-publish","hentry","entry","owp-thumbs-layout-horizontal","owp-btn-normal","owp-tabs-layout-horizontal","has-no-thumbnails","has-product-nav"],"_links":{"self":[{"href":"https:\/\/fjarno.org\/ca\/wp-json\/wp\/v2\/pages\/7369","targetHints":{"allow":["GET"]}}],"collection":[{"href":"https:\/\/fjarno.org\/ca\/wp-json\/wp\/v2\/pages"}],"about":[{"href":"https:\/\/fjarno.org\/ca\/wp-json\/wp\/v2\/types\/page"}],"author":[{"embeddable":true,"href":"https:\/\/fjarno.org\/ca\/wp-json\/wp\/v2\/users\/1"}],"replies":[{"embeddable":true,"href":"https:\/\/fjarno.org\/ca\/wp-json\/wp\/v2\/comments?post=7369"}],"version-history":[{"count":1,"href":"https:\/\/fjarno.org\/ca\/wp-json\/wp\/v2\/pages\/7369\/revisions"}],"predecessor-version":[{"id":7370,"href":"https:\/\/fjarno.org\/ca\/wp-json\/wp\/v2\/pages\/7369\/revisions\/7370"}],"wp:attachment":[{"href":"https:\/\/fjarno.org\/ca\/wp-json\/wp\/v2\/media?parent=7369"}],"curies":[{"name":"wp","href":"https:\/\/api.w.org\/{rel}","templated":true}]}}